{"id":3922,"date":"2022-07-15T17:06:09","date_gmt":"2022-07-15T15:06:09","guid":{"rendered":"https:\/\/termemarconi.it\/inalazioni\/"},"modified":"2022-09-06T16:59:34","modified_gmt":"2022-09-06T14:59:34","slug":"inhalation","status":"publish","type":"page","link":"https:\/\/termemarconi.it\/fr\/inhalation\/","title":{"rendered":"Inhalation"},"content":{"rendered":"<p>[vc_row full_width=\u00a0\u00bbstretch_row\u00a0\u00bb parallax=\u00a0\u00bbcontent-moving\u00a0\u00bb parallax_image=\u00a0\u00bb2292&Prime; css=\u00a0\u00bb.vc_custom_1657899834358{margin-top: 0px !important;margin-bottom: 0px !important;border-top-width: 0px !important;border-bottom-width: 0px !important;padding-top: 0px !important;padding-bottom: 0px !important;}\u00a0\u00bb el_class=\u00a0\u00bbnd_options_vc_parallax_filter_2_5&Prime;][vc_column width=\u00a0\u00bb1\/6&Prime;][\/vc_column][vc_column width=\u00a0\u00bb2\/3&Prime; el_class=\u00a0\u00bbnd_options_text_align_center\u00a0\u00bb][vc_empty_space height=\u00a0\u00bb200&Prime;] <h1 style=\"color:#ffffff;padding:px;text-align:center;font-size:95px;line-height:95px;letter-spacing: 2px;font-weight:lighter\" class=\"   nd_options_third_font \">Inhalation<\/h1> <div style=\"background-color:;height: 30px\" class=\"nicdark_section  \"><\/div> <p style=\"color:#ffffff;padding:px;text-align:center;font-size:22px;line-height:33px;letter-spacing: 1px;font-weight:normal\" class=\"   nd_options_second_font \">L'H\u00f4tel Marconi est dot\u00e9 d'un d\u00e9partement r\u00e9serv\u00e9 aux th\u00e9rapies d'inhalation.<\/p> [vc_empty_space height=\u00a0\u00bb200&Prime;]<div style=\"background-color:;height: 30px\" class=\"nicdark_section  \"><\/div>[\/vc_column][vc_column width=\u00a0\u00bb1\/6&Prime;][\/vc_column][\/vc_row][vc_row][vc_column][vc_empty_space height=\u00a0\u00bb130&Prime;][\/vc_column][\/vc_row][vc_row][vc_column width=\u00a0\u00bb1\/2&Prime;] <h2 style=\"color:#eeeeee;padding:px;text-align:;font-size:70px;line-height:px;letter-spacing: px;font-weight:normal\" class=\"   nd_options_third_font \">Eau thermale<\/h2>  <h2 style=\"color:;padding:px;text-align:;font-size:42px;line-height:40px;letter-spacing: 2px;font-weight:lighter\" class=\"  nd_options_font_size_40_important_all_iphone nd_options_first_font \">INHALATIONS ET A\u00c9ROSOLS<\/h2> <div style=\"background-color:;height: 30px\" class=\"nicdark_section  \"><\/div>[vc_column_text]Les th\u00e9rapies thermales d&rsquo;inhalation sont traditionnellement utilis\u00e9es et reconnues scientifiquement dans la <strong>cure<\/strong> et dans la <strong>pr\u00e9vention des pathologies des voies respiratoires <\/strong>comme les <strong>rhinites, pharyngites, sinusites<\/strong> et <strong>bronchites<\/strong>, <strong>broncho-pneumopathies<\/strong>.<br \/>\nC&rsquo;est une panac\u00e9e pour les personnes qui travaillent dans un environnement o\u00f9 r\u00e8gnent malheureusement la pollution, les <strong>agents polluants<\/strong>, la fum\u00e9e active et passive. Des instruments sp\u00e9ciaux <strong>fragmentent finement les particules d&rsquo;eau min\u00e9rale<\/strong>, les n\u00e9bulisent et les transforment pour traiter efficacement des pathologies des voies respiratoires sup\u00e9rieures et inf\u00e9rieures et pour pr\u00e9venir et soigner des pathologies chroniques.[\/vc_column_text]<div style=\"background-color:;height: 60px\" class=\"nicdark_section  \"><\/div>[\/vc_column][vc_column width=\u00a0\u00bb1\/2&Prime;][vc_single_image image=\u00a0\u00bb2293&Prime; img_size=\u00a0\u00bblarge\u00a0\u00bb][\/vc_column][\/vc_row][vc_row][vc_column][vc_empty_space height=\u00a0\u00bb100&Prime;][\/vc_column][\/vc_row][vc_row full_width=\u00a0\u00bbstretch_row\u00a0\u00bb parallax=\u00a0\u00bbcontent-moving\u00a0\u00bb css=\u00a0\u00bb.vc_custom_1657899583913{margin-bottom: 0px !important;border-bottom-width: 0px !important;padding-top: 80px !important;padding-bottom: 80px !important;background-color: #113d34 !important;background-position: 0 0;background-repeat: no-repeat !important;}\u00a0\u00bb][vc_column css=\u00a0\u00bb.vc_custom_1548861971286{background-position: center !important;background-repeat: no-repeat !important;background-size: cover !important;}\u00a0\u00bb][vc_row_inner][vc_column_inner width=\u00a0\u00bb1\/3&Prime; css=\u00a0\u00bb.vc_custom_1655974412412{background-color: #113d34 !important;background-position: center !important;background-repeat: no-repeat !important;background-size: cover !important;}\u00a0\u00bb] <h2 style=\"color:#ffffff;padding:px;text-align:;font-size:70px;line-height:70px;letter-spacing: px;font-weight:normal\" class=\"   nd_options_third_font \">Actions th\u00e9rapeutiques :<\/h2> [vc_empty_space height=\u00a0\u00bb27&Prime;][\/vc_column_inner][vc_column_inner width=\u00a0\u00bb2\/3&Prime;][vc_column_text]<\/p>\n<p style=\"color: #ffffff; text-align: left; padding: 0px 20px 0px 0px;\">Les th\u00e9rapies d&rsquo;inhalation aident \u00e0 poursuivre les objectifs th\u00e9rapeutiques suivants:<\/p>\n<ul style=\"color: #ffffff; text-align: left;\">\n<li>action antiseptique<\/li>\n<li>stimulation de l&rsquo;appareil ciliaire<\/li>\n<li>fluidification des s\u00e9cr\u00e9tions<\/li>\n<li>normalisation des caract\u00e9ristiques du mucus respiratoire<\/li>\n<li>r\u00e9duction de la composante microbiologique non physiologique<\/li>\n<\/ul>\n<p>[\/vc_column_text][\/vc_column_inner][\/vc_row_inner][\/vc_column][\/vc_row][vc_row][vc_column][vc_empty_space height=\u00a0\u00bb15&Prime;][\/vc_column][\/vc_row]<\/p>\n","protected":false},"excerpt":{"rendered":"<p>[vc_row full_width=\u00a0\u00bbstretch_row\u00a0\u00bb parallax=\u00a0\u00bbcontent-moving\u00a0\u00bb parallax_image=\u00a0\u00bb2292&Prime; css=\u00a0\u00bb.vc_custom_1657899834358{margin-top: 0px !important;margin-bottom: 0px !important;border-top-width: 0px !important;border-bottom-width: 0px !important;padding-top: 0px !important;padding-bottom: 0px !important;}\u00a0\u00bb el_class=\u00a0\u00bbnd_options_vc_parallax_filter_2_5&Prime;][vc_column width=\u00a0\u00bb1\/6&Prime;][\/vc_column][vc_column width=\u00a0\u00bb2\/3&Prime; el_class=\u00a0\u00bbnd_options_text_align_center\u00a0\u00bb][vc_empty_space height=\u00a0\u00bb200&Prime;][vc_empty_space height=\u00a0\u00bb200&Prime;][\/vc_column][vc_column width=\u00a0\u00bb1\/6&Prime;][\/vc_column][\/vc_row][vc_row][vc_column][vc_empty_space height=\u00a0\u00bb130&Prime;][\/vc_column][\/vc_row][vc_row][vc_column width=\u00a0\u00bb1\/2&Prime;][vc_column_text]Les th\u00e9rapies thermales d&rsquo;inhalation sont traditionnellement utilis\u00e9es et reconnues scientifiquement dans la cure et dans la pr\u00e9vention des pathologies des voies respiratoires comme les rhinites, pharyngites, sinusites et bronchites, broncho-pneumopathies. [&hellip;]<\/p>\n","protected":false},"author":2,"featured_media":0,"parent":0,"menu_order":0,"comment_status":"closed","ping_status":"closed","template":"","meta":{"footnotes":""},"class_list":["post-3922","page","type-page","status-publish","hentry"],"yoast_head":"<!-- This site is optimized with the Yoast SEO plugin v23.2 - https:\/\/yoast.com\/wordpress\/plugins\/seo\/ -->\n<title>Inhalation - Hotel Terme Marconi - Hotel 3* a Montegrotto Terme<\/title>\n<meta name=\"description\" content=\"L&#039;Hotel Terme Marconi \u00e8 dotato di un reparto cure inalatorie. Indicate nella prevenzione delle patologie come riniti, faringiti, sinusiti.\" \/>\n<meta name=\"robots\" content=\"index, follow, max-snippet:-1, max-image-preview:large, max-video-preview:-1\" \/>\n<link rel=\"canonical\" href=\"https:\/\/termemarconi.it\/fr\/inhalation\/\" \/>\n<meta property=\"og:locale\" content=\"fr_FR\" \/>\n<meta property=\"og:type\" content=\"article\" \/>\n<meta property=\"og:title\" content=\"Inhalation - Hotel Terme Marconi - Hotel 3* a Montegrotto Terme\" \/>\n<meta property=\"og:description\" content=\"L&#039;Hotel Terme Marconi \u00e8 dotato di un reparto cure inalatorie. Indicate nella prevenzione delle patologie come riniti, faringiti, sinusiti.\" \/>\n<meta property=\"og:url\" content=\"https:\/\/termemarconi.it\/fr\/inhalation\/\" \/>\n<meta property=\"og:site_name\" content=\"Hotel Terme Marconi - Hotel 3* a Montegrotto Terme\" \/>\n<meta property=\"article:publisher\" content=\"https:\/\/www.facebook.com\/termemarconi\" \/>\n<meta property=\"article:modified_time\" content=\"2022-09-06T14:59:34+00:00\" \/>\n<meta name=\"twitter:card\" content=\"summary_large_image\" \/>\n<meta name=\"twitter:label1\" content=\"Dur\u00e9e de lecture estim\u00e9e\" \/>\n\t<meta name=\"twitter:data1\" content=\"2 minutes\" \/>\n<script type=\"application\/ld+json\" class=\"yoast-schema-graph\">{\"@context\":\"https:\/\/schema.org\",\"@graph\":[{\"@type\":\"WebPage\",\"@id\":\"https:\/\/termemarconi.it\/fr\/inhalation\/\",\"url\":\"https:\/\/termemarconi.it\/fr\/inhalation\/\",\"name\":\"Inhalation - Hotel Terme Marconi - Hotel 3* a Montegrotto Terme\",\"isPartOf\":{\"@id\":\"https:\/\/termemarconi.it\/#website\"},\"datePublished\":\"2022-07-15T15:06:09+00:00\",\"dateModified\":\"2022-09-06T14:59:34+00:00\",\"description\":\"L'Hotel Terme Marconi \u00e8 dotato di un reparto cure inalatorie. Indicate nella prevenzione delle patologie come riniti, faringiti, sinusiti.\",\"breadcrumb\":{\"@id\":\"https:\/\/termemarconi.it\/fr\/inhalation\/#breadcrumb\"},\"inLanguage\":\"fr-FR\",\"potentialAction\":[{\"@type\":\"ReadAction\",\"target\":[\"https:\/\/termemarconi.it\/fr\/inhalation\/\"]}]},{\"@type\":\"BreadcrumbList\",\"@id\":\"https:\/\/termemarconi.it\/fr\/inhalation\/#breadcrumb\",\"itemListElement\":[{\"@type\":\"ListItem\",\"position\":1,\"name\":\"Home\",\"item\":\"https:\/\/termemarconi.it\/fr\/\"},{\"@type\":\"ListItem\",\"position\":2,\"name\":\"Inhalation\"}]},{\"@type\":\"WebSite\",\"@id\":\"https:\/\/termemarconi.it\/#website\",\"url\":\"https:\/\/termemarconi.it\/\",\"name\":\"Hotel Terme Marconi - Hotel 3* a Montegrotto Terme\",\"description\":\"Hotel Termale Spa e Piscine a Montegrotto Terme\",\"publisher\":{\"@id\":\"https:\/\/termemarconi.it\/#organization\"},\"potentialAction\":[{\"@type\":\"SearchAction\",\"target\":{\"@type\":\"EntryPoint\",\"urlTemplate\":\"https:\/\/termemarconi.it\/?s={search_term_string}\"},\"query-input\":\"required name=search_term_string\"}],\"inLanguage\":\"fr-FR\"},{\"@type\":\"Organization\",\"@id\":\"https:\/\/termemarconi.it\/#organization\",\"name\":\"Hotel Terme Marconi - Hotel 3* a Montegrotto Terme\",\"url\":\"https:\/\/termemarconi.it\/\",\"logo\":{\"@type\":\"ImageObject\",\"inLanguage\":\"fr-FR\",\"@id\":\"https:\/\/termemarconi.it\/#\/schema\/logo\/image\/\",\"url\":\"http:\/\/termemarconi.it\/web\/wp-content\/uploads\/2022\/06\/marconi-logo.png\",\"contentUrl\":\"http:\/\/termemarconi.it\/web\/wp-content\/uploads\/2022\/06\/marconi-logo.png\",\"width\":275,\"height\":76,\"caption\":\"Hotel Terme Marconi - Hotel 3* a Montegrotto Terme\"},\"image\":{\"@id\":\"https:\/\/termemarconi.it\/#\/schema\/logo\/image\/\"},\"sameAs\":[\"https:\/\/www.facebook.com\/termemarconi\",\"https:\/\/www.instagram.com\/hotel_terme_marconi\/\"]}]}<\/script>\n<!-- \/ Yoast SEO plugin. -->","yoast_head_json":{"title":"Inhalation - Hotel Terme Marconi - Hotel 3* a Montegrotto Terme","description":"L'Hotel Terme Marconi \u00e8 dotato di un reparto cure inalatorie. Indicate nella prevenzione delle patologie come riniti, faringiti, sinusiti.","robots":{"index":"index","follow":"follow","max-snippet":"max-snippet:-1","max-image-preview":"max-image-preview:large","max-video-preview":"max-video-preview:-1"},"canonical":"https:\/\/termemarconi.it\/fr\/inhalation\/","og_locale":"fr_FR","og_type":"article","og_title":"Inhalation - Hotel Terme Marconi - Hotel 3* a Montegrotto Terme","og_description":"L'Hotel Terme Marconi \u00e8 dotato di un reparto cure inalatorie. Indicate nella prevenzione delle patologie come riniti, faringiti, sinusiti.","og_url":"https:\/\/termemarconi.it\/fr\/inhalation\/","og_site_name":"Hotel Terme Marconi - Hotel 3* a Montegrotto Terme","article_publisher":"https:\/\/www.facebook.com\/termemarconi","article_modified_time":"2022-09-06T14:59:34+00:00","twitter_card":"summary_large_image","twitter_misc":{"Dur\u00e9e de lecture estim\u00e9e":"2 minutes"},"schema":{"@context":"https:\/\/schema.org","@graph":[{"@type":"WebPage","@id":"https:\/\/termemarconi.it\/fr\/inhalation\/","url":"https:\/\/termemarconi.it\/fr\/inhalation\/","name":"Inhalation - Hotel Terme Marconi - Hotel 3* a Montegrotto Terme","isPartOf":{"@id":"https:\/\/termemarconi.it\/#website"},"datePublished":"2022-07-15T15:06:09+00:00","dateModified":"2022-09-06T14:59:34+00:00","description":"L'Hotel Terme Marconi \u00e8 dotato di un reparto cure inalatorie. Indicate nella prevenzione delle patologie come riniti, faringiti, sinusiti.","breadcrumb":{"@id":"https:\/\/termemarconi.it\/fr\/inhalation\/#breadcrumb"},"inLanguage":"fr-FR","potentialAction":[{"@type":"ReadAction","target":["https:\/\/termemarconi.it\/fr\/inhalation\/"]}]},{"@type":"BreadcrumbList","@id":"https:\/\/termemarconi.it\/fr\/inhalation\/#breadcrumb","itemListElement":[{"@type":"ListItem","position":1,"name":"Home","item":"https:\/\/termemarconi.it\/fr\/"},{"@type":"ListItem","position":2,"name":"Inhalation"}]},{"@type":"WebSite","@id":"https:\/\/termemarconi.it\/#website","url":"https:\/\/termemarconi.it\/","name":"Hotel Terme Marconi - Hotel 3* a Montegrotto Terme","description":"Hotel Termale Spa e Piscine a Montegrotto Terme","publisher":{"@id":"https:\/\/termemarconi.it\/#organization"},"potentialAction":[{"@type":"SearchAction","target":{"@type":"EntryPoint","urlTemplate":"https:\/\/termemarconi.it\/?s={search_term_string}"},"query-input":"required name=search_term_string"}],"inLanguage":"fr-FR"},{"@type":"Organization","@id":"https:\/\/termemarconi.it\/#organization","name":"Hotel Terme Marconi - Hotel 3* a Montegrotto Terme","url":"https:\/\/termemarconi.it\/","logo":{"@type":"ImageObject","inLanguage":"fr-FR","@id":"https:\/\/termemarconi.it\/#\/schema\/logo\/image\/","url":"http:\/\/termemarconi.it\/web\/wp-content\/uploads\/2022\/06\/marconi-logo.png","contentUrl":"http:\/\/termemarconi.it\/web\/wp-content\/uploads\/2022\/06\/marconi-logo.png","width":275,"height":76,"caption":"Hotel Terme Marconi - Hotel 3* a Montegrotto Terme"},"image":{"@id":"https:\/\/termemarconi.it\/#\/schema\/logo\/image\/"},"sameAs":["https:\/\/www.facebook.com\/termemarconi","https:\/\/www.instagram.com\/hotel_terme_marconi\/"]}]}},"_links":{"self":[{"href":"https:\/\/termemarconi.it\/fr\/wp-json\/wp\/v2\/pages\/3922","targetHints":{"allow":["GET"]}}],"collection":[{"href":"https:\/\/termemarconi.it\/fr\/wp-json\/wp\/v2\/pages"}],"about":[{"href":"https:\/\/termemarconi.it\/fr\/wp-json\/wp\/v2\/types\/page"}],"author":[{"embeddable":true,"href":"https:\/\/termemarconi.it\/fr\/wp-json\/wp\/v2\/users\/2"}],"replies":[{"embeddable":true,"href":"https:\/\/termemarconi.it\/fr\/wp-json\/wp\/v2\/comments?post=3922"}],"version-history":[{"count":5,"href":"https:\/\/termemarconi.it\/fr\/wp-json\/wp\/v2\/pages\/3922\/revisions"}],"predecessor-version":[{"id":3925,"href":"https:\/\/termemarconi.it\/fr\/wp-json\/wp\/v2\/pages\/3922\/revisions\/3925"}],"wp:attachment":[{"href":"https:\/\/termemarconi.it\/fr\/wp-json\/wp\/v2\/media?parent=3922"}],"curies":[{"name":"wp","href":"https:\/\/api.w.org\/{rel}","templated":true}]}}